{"version":"1.0","provider_name":"Emballage Digest","provider_url":"https:\/\/www.emballagedigest.fr\/en","title":"Faciliter le r\u00e9emploi avec de nouveaux standards verriers - Emballage Digest","type":"rich","width":600,"height":338,"html":"<blockquote class=\"wp-embedded-content\" data-secret=\"JMjb5cnPMv\"><a href=\"https:\/\/www.emballagedigest.fr\/en\/faciliter-le-reemploi-avec-de-nouveaux-standards-verriers\/\">Faciliter le r\u00e9emploi avec de nouveaux standards verriers<\/a><\/blockquote><iframe sandbox=\"allow-scripts\" security=\"restricted\" src=\"https:\/\/www.emballagedigest.fr\/en\/faciliter-le-reemploi-avec-de-nouveaux-standards-verriers\/embed\/#?secret=JMjb5cnPMv\" width=\"600\" height=\"338\" title=\"&#8220;Faciliter le r\u00e9emploi avec de nouveaux standards verriers&#8221; &#8212; Emballage Digest\" data-secret=\"JMjb5cnPMv\" frameborder=\"0\" marginwidth=\"0\" marginheight=\"0\" scrolling=\"no\" class=\"wp-embedded-content\"><\/iframe><script type=\"text\/javascript\">\n\/* <![CDATA[ *\/\n\/*! This file is auto-generated *\/\n!function(d,l){\"use strict\";l.querySelector&&d.addEventListener&&\"undefined\"!=typeof URL&&(d.wp=d.wp||{},d.wp.receiveEmbedMessage||(d.wp.receiveEmbedMessage=function(e){var t=e.data;if((t||t.secret||t.message||t.value)&&!\/[^a-zA-Z0-9]\/.test(t.secret)){for(var s,r,n,a=l.querySelectorAll('iframe[data-secret=\"'+t.secret+'\"]'),o=l.querySelectorAll('blockquote[data-secret=\"'+t.secret+'\"]'),c=new RegExp(\"^https?:$\",\"i\"),i=0;i<o.length;i++)o[i].style.display=\"none\";for(i=0;i<a.length;i++)s=a[i],e.source===s.contentWindow&&(s.removeAttribute(\"style\"),\"height\"===t.message?(1e3<(r=parseInt(t.value,10))?r=1e3:~~r<200&&(r=200),s.height=r):\"link\"===t.message&&(r=new URL(s.getAttribute(\"src\")),n=new URL(t.value),c.test(n.protocol))&&n.host===r.host&&l.activeElement===s&&(d.top.location.href=t.value))}},d.addEventListener(\"message\",d.wp.receiveEmbedMessage,!1),l.addEventListener(\"DOMContentLoaded\",function(){for(var e,t,s=l.querySelectorAll(\"iframe.wp-embedded-content\"),r=0;r<s.length;r++)(t=(e=s[r]).getAttribute(\"data-secret\"))||(t=Math.random().toString(36).substring(2,12),e.src+=\"#?secret=\"+t,e.setAttribute(\"data-secret\",t)),e.contentWindow.postMessage({message:\"ready\",secret:t},\"*\")},!1)))}(window,document);\n\/\/# sourceURL=https:\/\/www.emballagedigest.fr\/wp-includes\/js\/wp-embed.min.js\n\/* ]]> *\/\n<\/script>","thumbnail_url":"https:\/\/www.emballagedigest.fr\/wp-content\/uploads\/2025\/01\/Univerre-2.jpg","thumbnail_width":800,"thumbnail_height":575,"description":"La r\u00e9gion Normandie, en partenariat avec trois autres r\u00e9gions du nord-ouest de la France, a lanc\u00e9 une exp\u00e9rimentation sur le r\u00e9emploi des bouteilles en verre. \u00c0 partir de mai 2025, ce projet touchera 16 millions de Fran\u00e7ais, qui pourront participer \u00e0 un r\u00e9seau de consigne d\u00e9di\u00e9. L\u2019objectif ? R\u00e9employer 10% des emballages d\u2019ici 2027, conform\u00e9ment [&hellip;]"}