{"version":"1.0","provider_name":"Emballage Digest","provider_url":"https:\/\/www.emballagedigest.fr\/en","title":"IPP \u00e9tend le champ d\u2019action de Thibaut Esn\u00e9e - Emballage Digest","type":"rich","width":600,"height":338,"html":"<blockquote class=\"wp-embedded-content\" data-secret=\"9kfOQjXrwl\"><a href=\"https:\/\/www.emballagedigest.fr\/en\/ipp-etend-le-champ-daction-de-thibaut-esnee\/\">IPP \u00e9tend le champ d\u2019action de Thibaut Esn\u00e9e<\/a><\/blockquote><iframe sandbox=\"allow-scripts\" security=\"restricted\" src=\"https:\/\/www.emballagedigest.fr\/en\/ipp-etend-le-champ-daction-de-thibaut-esnee\/embed\/#?secret=9kfOQjXrwl\" width=\"600\" height=\"338\" title=\"&#8220;IPP \u00e9tend le champ d\u2019action de Thibaut Esn\u00e9e&#8221; &#8212; Emballage Digest\" data-secret=\"9kfOQjXrwl\" frameborder=\"0\" marginwidth=\"0\" marginheight=\"0\" scrolling=\"no\" class=\"wp-embedded-content\"><\/iframe><script type=\"text\/javascript\">\n\/* <![CDATA[ *\/\n\/*! This file is auto-generated *\/\n!function(d,l){\"use strict\";l.querySelector&&d.addEventListener&&\"undefined\"!=typeof URL&&(d.wp=d.wp||{},d.wp.receiveEmbedMessage||(d.wp.receiveEmbedMessage=function(e){var t=e.data;if((t||t.secret||t.message||t.value)&&!\/[^a-zA-Z0-9]\/.test(t.secret)){for(var s,r,n,a=l.querySelectorAll('iframe[data-secret=\"'+t.secret+'\"]'),o=l.querySelectorAll('blockquote[data-secret=\"'+t.secret+'\"]'),c=new RegExp(\"^https?:$\",\"i\"),i=0;i<o.length;i++)o[i].style.display=\"none\";for(i=0;i<a.length;i++)s=a[i],e.source===s.contentWindow&&(s.removeAttribute(\"style\"),\"height\"===t.message?(1e3<(r=parseInt(t.value,10))?r=1e3:~~r<200&&(r=200),s.height=r):\"link\"===t.message&&(r=new URL(s.getAttribute(\"src\")),n=new URL(t.value),c.test(n.protocol))&&n.host===r.host&&l.activeElement===s&&(d.top.location.href=t.value))}},d.addEventListener(\"message\",d.wp.receiveEmbedMessage,!1),l.addEventListener(\"DOMContentLoaded\",function(){for(var e,t,s=l.querySelectorAll(\"iframe.wp-embedded-content\"),r=0;r<s.length;r++)(t=(e=s[r]).getAttribute(\"data-secret\"))||(t=Math.random().toString(36).substring(2,12),e.src+=\"#?secret=\"+t,e.setAttribute(\"data-secret\",t)),e.contentWindow.postMessage({message:\"ready\",secret:t},\"*\")},!1)))}(window,document);\n\/\/# sourceURL=https:\/\/www.emballagedigest.fr\/wp-includes\/js\/wp-embed.min.js\n\/* ]]> *\/\n<\/script>","thumbnail_url":"https:\/\/www.emballagedigest.fr\/wp-content\/uploads\/2025\/05\/IPP.jpeg","thumbnail_width":800,"thumbnail_height":547,"description":"Le sp\u00e9cialiste europ\u00e9en de la location et gestion durable de palettes bois IPP annonce l\u2019\u00e9largissement des responsabilit\u00e9s de Thibaut Esn\u00e9e, nomm\u00e9 Regional Managing Director pour la France, l\u2019Espagne et le Portugal. Il prend d\u00e9sormais la t\u00eate de la r\u00e9gion France et Iberia, dans le cadre d\u2019une nouvelle organisation strat\u00e9gique visant \u00e0 accompagner la forte croissance [&hellip;]"}