{"version":"1.0","provider_name":"Emballage Digest","provider_url":"https:\/\/www.emballagedigest.fr\/en","title":"La tra\u00e7abilit\u00e9 \u00e9tendue aux emballages IML - Emballage Digest","type":"rich","width":600,"height":338,"html":"<blockquote class=\"wp-embedded-content\" data-secret=\"zXpnVgY4tj\"><a href=\"https:\/\/www.emballagedigest.fr\/en\/la-tracabilite-etendue-aux-emballages-iml\/\">La tra\u00e7abilit\u00e9 \u00e9tendue aux emballages IML<\/a><\/blockquote><iframe sandbox=\"allow-scripts\" security=\"restricted\" src=\"https:\/\/www.emballagedigest.fr\/en\/la-tracabilite-etendue-aux-emballages-iml\/embed\/#?secret=zXpnVgY4tj\" width=\"600\" height=\"338\" title=\"&#8220;La tra\u00e7abilit\u00e9 \u00e9tendue aux emballages IML&#8221; &#8212; Emballage Digest\" data-secret=\"zXpnVgY4tj\" frameborder=\"0\" marginwidth=\"0\" marginheight=\"0\" scrolling=\"no\" class=\"wp-embedded-content\"><\/iframe><script>\n\/*! This file is auto-generated *\/\n!function(d,l){\"use strict\";l.querySelector&&d.addEventListener&&\"undefined\"!=typeof URL&&(d.wp=d.wp||{},d.wp.receiveEmbedMessage||(d.wp.receiveEmbedMessage=function(e){var t=e.data;if((t||t.secret||t.message||t.value)&&!\/[^a-zA-Z0-9]\/.test(t.secret)){for(var s,r,n,a=l.querySelectorAll('iframe[data-secret=\"'+t.secret+'\"]'),o=l.querySelectorAll('blockquote[data-secret=\"'+t.secret+'\"]'),c=new RegExp(\"^https?:$\",\"i\"),i=0;i<o.length;i++)o[i].style.display=\"none\";for(i=0;i<a.length;i++)s=a[i],e.source===s.contentWindow&&(s.removeAttribute(\"style\"),\"height\"===t.message?(1e3<(r=parseInt(t.value,10))?r=1e3:~~r<200&&(r=200),s.height=r):\"link\"===t.message&&(r=new URL(s.getAttribute(\"src\")),n=new URL(t.value),c.test(n.protocol))&&n.host===r.host&&l.activeElement===s&&(d.top.location.href=t.value))}},d.addEventListener(\"message\",d.wp.receiveEmbedMessage,!1),l.addEventListener(\"DOMContentLoaded\",function(){for(var e,t,s=l.querySelectorAll(\"iframe.wp-embedded-content\"),r=0;r<s.length;r++)(t=(e=s[r]).getAttribute(\"data-secret\"))||(t=Math.random().toString(36).substring(2,12),e.src+=\"#?secret=\"+t,e.setAttribute(\"data-secret\",t)),e.contentWindow.postMessage({message:\"ready\",secret:t},\"*\")},!1)))}(window,document);\n\/\/# sourceURL=https:\/\/www.emballagedigest.fr\/wp-includes\/js\/wp-embed.min.js\n<\/script>","thumbnail_url":"https:\/\/www.emballagedigest.fr\/wp-content\/uploads\/2026\/09\/Polytag.jpg","thumbnail_width":800,"thumbnail_height":552,"description":"Polytag s\u2019associe \u00e0 Multi-Color Corporation (MCC) pour int\u00e9grer ses marqueurs UV invisibles directement dans les emballages avec \u00e9tiquette dans le moule (IML). Lisibles par des \u00e9quipements sp\u00e9cifiques install\u00e9s dans les centres de tri, ces identifiants num\u00e9riques peuvent embarquer des donn\u00e9es pr\u00e9cises sur la composition, la teneur en recycl\u00e9, l\u2019origine ou la fabrication de l\u2019emballage. Ils [&hellip;]"}