{"version":"1.0","provider_name":"Emballage Digest","provider_url":"https:\/\/www.emballagedigest.fr\/en","title":"L\u2019emballage bois r\u00e9siste aux temp\u00eates r\u00e9glementaires - Emballage Digest","type":"rich","width":600,"height":338,"html":"<blockquote class=\"wp-embedded-content\" data-secret=\"ZwM1jG9cJC\"><a href=\"https:\/\/www.emballagedigest.fr\/en\/lemballage-bois-resiste-aux-tempetes-reglementaires\/\">L\u2019emballage bois r\u00e9siste aux temp\u00eates r\u00e9glementaires<\/a><\/blockquote><iframe sandbox=\"allow-scripts\" security=\"restricted\" src=\"https:\/\/www.emballagedigest.fr\/en\/lemballage-bois-resiste-aux-tempetes-reglementaires\/embed\/#?secret=ZwM1jG9cJC\" width=\"600\" height=\"338\" title=\"&#8220;L\u2019emballage bois r\u00e9siste aux temp\u00eates r\u00e9glementaires&#8221; &#8212; Emballage Digest\" data-secret=\"ZwM1jG9cJC\" frameborder=\"0\" marginwidth=\"0\" marginheight=\"0\" scrolling=\"no\" class=\"wp-embedded-content\"><\/iframe><script type=\"text\/javascript\">\n\/* <![CDATA[ *\/\n\/*! This file is auto-generated *\/\n!function(d,l){\"use strict\";l.querySelector&&d.addEventListener&&\"undefined\"!=typeof URL&&(d.wp=d.wp||{},d.wp.receiveEmbedMessage||(d.wp.receiveEmbedMessage=function(e){var t=e.data;if((t||t.secret||t.message||t.value)&&!\/[^a-zA-Z0-9]\/.test(t.secret)){for(var s,r,n,a=l.querySelectorAll('iframe[data-secret=\"'+t.secret+'\"]'),o=l.querySelectorAll('blockquote[data-secret=\"'+t.secret+'\"]'),c=new RegExp(\"^https?:$\",\"i\"),i=0;i<o.length;i++)o[i].style.display=\"none\";for(i=0;i<a.length;i++)s=a[i],e.source===s.contentWindow&&(s.removeAttribute(\"style\"),\"height\"===t.message?(1e3<(r=parseInt(t.value,10))?r=1e3:~~r<200&&(r=200),s.height=r):\"link\"===t.message&&(r=new URL(s.getAttribute(\"src\")),n=new URL(t.value),c.test(n.protocol))&&n.host===r.host&&l.activeElement===s&&(d.top.location.href=t.value))}},d.addEventListener(\"message\",d.wp.receiveEmbedMessage,!1),l.addEventListener(\"DOMContentLoaded\",function(){for(var e,t,s=l.querySelectorAll(\"iframe.wp-embedded-content\"),r=0;r<s.length;r++)(t=(e=s[r]).getAttribute(\"data-secret\"))||(t=Math.random().toString(36).substring(2,12),e.src+=\"#?secret=\"+t,e.setAttribute(\"data-secret\",t)),e.contentWindow.postMessage({message:\"ready\",secret:t},\"*\")},!1)))}(window,document);\n\/\/# sourceURL=https:\/\/www.emballagedigest.fr\/wp-includes\/js\/wp-embed.min.js\n\/* ]]> *\/\n<\/script>","thumbnail_url":"https:\/\/www.emballagedigest.fr\/wp-content\/uploads\/2024\/01\/Emballages_Martin.jpg","thumbnail_width":800,"thumbnail_height":555,"description":"Pour \u00e9voquer les derni\u00e8res actualit\u00e9s du secteur des emballages bois l\u00e9gers et des palettes bois, Emballage Digest vous d\u00e9voile l\u2019interview crois\u00e9e d\u2019Olivier de Lagausie, d\u00e9l\u00e9gu\u00e9 g\u00e9n\u00e9ral du syndicat national des industriels de l\u2019emballage l\u00e9ger en bois (SIEL-GROW) et Jean-Philippe Gaussorgues, vice-pr\u00e9sident de la FNB-SYPAL et pr\u00e9sident d\u2019EPAL France. Comment se portent les march\u00e9s de l\u2019emballage [&hellip;]"}