{"version":"1.0","provider_name":"Emballage Digest","provider_url":"https:\/\/www.emballagedigest.fr\/en","title":"Nouvelle co-pr\u00e9sidence pour l\u2019association EPAL - Emballage Digest","type":"rich","width":600,"height":338,"html":"<blockquote class=\"wp-embedded-content\" data-secret=\"kORvKFrDV0\"><a href=\"https:\/\/www.emballagedigest.fr\/en\/nouvelle-co-presidence-pour-l-association-epal\/\">Nouvelle co-pr\u00e9sidence pour l\u2019association EPAL<\/a><\/blockquote><iframe sandbox=\"allow-scripts\" security=\"restricted\" src=\"https:\/\/www.emballagedigest.fr\/en\/nouvelle-co-presidence-pour-l-association-epal\/embed\/#?secret=kORvKFrDV0\" width=\"600\" height=\"338\" title=\"&#8220;Nouvelle co-pr\u00e9sidence pour l\u2019association EPAL&#8221; &#8212; Emballage Digest\" data-secret=\"kORvKFrDV0\" frameborder=\"0\" marginwidth=\"0\" marginheight=\"0\" scrolling=\"no\" class=\"wp-embedded-content\"><\/iframe><script type=\"text\/javascript\">\n\/* <![CDATA[ *\/\n\/*! This file is auto-generated *\/\n!function(d,l){\"use strict\";l.querySelector&&d.addEventListener&&\"undefined\"!=typeof URL&&(d.wp=d.wp||{},d.wp.receiveEmbedMessage||(d.wp.receiveEmbedMessage=function(e){var t=e.data;if((t||t.secret||t.message||t.value)&&!\/[^a-zA-Z0-9]\/.test(t.secret)){for(var s,r,n,a=l.querySelectorAll('iframe[data-secret=\"'+t.secret+'\"]'),o=l.querySelectorAll('blockquote[data-secret=\"'+t.secret+'\"]'),c=new RegExp(\"^https?:$\",\"i\"),i=0;i<o.length;i++)o[i].style.display=\"none\";for(i=0;i<a.length;i++)s=a[i],e.source===s.contentWindow&&(s.removeAttribute(\"style\"),\"height\"===t.message?(1e3<(r=parseInt(t.value,10))?r=1e3:~~r<200&&(r=200),s.height=r):\"link\"===t.message&&(r=new URL(s.getAttribute(\"src\")),n=new URL(t.value),c.test(n.protocol))&&n.host===r.host&&l.activeElement===s&&(d.top.location.href=t.value))}},d.addEventListener(\"message\",d.wp.receiveEmbedMessage,!1),l.addEventListener(\"DOMContentLoaded\",function(){for(var e,t,s=l.querySelectorAll(\"iframe.wp-embedded-content\"),r=0;r<s.length;r++)(t=(e=s[r]).getAttribute(\"data-secret\"))||(t=Math.random().toString(36).substring(2,12),e.src+=\"#?secret=\"+t,e.setAttribute(\"data-secret\",t)),e.contentWindow.postMessage({message:\"ready\",secret:t},\"*\")},!1)))}(window,document);\n\/\/# sourceURL=https:\/\/www.emballagedigest.fr\/wp-includes\/js\/wp-embed.min.js\n\/* ]]> *\/\n<\/script>","thumbnail_url":"https:\/\/www.emballagedigest.fr\/wp-content\/uploads\/dotclear\/images\/2022\/BONUS\/juil\/epal_article.jpg","thumbnail_width":1,"thumbnail_height":1,"description":"Le 24 juin \u00e0 Zurich, l\u2019Assembl\u00e9e G\u00e9n\u00e9rale de l\u2019European Pallet Association (EPAL) a \u00e9lu Dirk Hoferer et Jarek Maci\u0105\u017cek en tant que nouveaux pr\u00e9sidents de l\u2019EPAL. Ils copr\u00e9sideront l\u2019EPAL pour les trois ann\u00e9es \u00e0 venir. Tous deux \u00e9taient d\u00e9j\u00e0 vice-pr\u00e9sidents de l\u2019EPAL et repr\u00e9sentants des Comit\u00e9s Nationaux de l\u2019Allemagne et de la Pologne au sein du Comit\u00e9 de Direction de l\u2019EPAL."}