{"version":"1.0","provider_name":"Emballage Digest","provider_url":"https:\/\/www.emballagedigest.fr\/en","title":"Omron renforce son \u00e9quipe commerciale en Europe Centrale - Emballage Digest","type":"rich","width":600,"height":338,"html":"<blockquote class=\"wp-embedded-content\" data-secret=\"EbTkND1VRi\"><a href=\"https:\/\/www.emballagedigest.fr\/en\/omron-renforce-son-equipe-commerciale-en-europe-centrale\/\">Omron renforce son \u00e9quipe commerciale en Europe Centrale<\/a><\/blockquote><iframe sandbox=\"allow-scripts\" security=\"restricted\" src=\"https:\/\/www.emballagedigest.fr\/en\/omron-renforce-son-equipe-commerciale-en-europe-centrale\/embed\/#?secret=EbTkND1VRi\" width=\"600\" height=\"338\" title=\"&#8220;Omron renforce son \u00e9quipe commerciale en Europe Centrale&#8221; &#8212; Emballage Digest\" data-secret=\"EbTkND1VRi\" frameborder=\"0\" marginwidth=\"0\" marginheight=\"0\" scrolling=\"no\" class=\"wp-embedded-content\"><\/iframe><script type=\"text\/javascript\">\n\/* <![CDATA[ *\/\n\/*! This file is auto-generated *\/\n!function(d,l){\"use strict\";l.querySelector&&d.addEventListener&&\"undefined\"!=typeof URL&&(d.wp=d.wp||{},d.wp.receiveEmbedMessage||(d.wp.receiveEmbedMessage=function(e){var t=e.data;if((t||t.secret||t.message||t.value)&&!\/[^a-zA-Z0-9]\/.test(t.secret)){for(var s,r,n,a=l.querySelectorAll('iframe[data-secret=\"'+t.secret+'\"]'),o=l.querySelectorAll('blockquote[data-secret=\"'+t.secret+'\"]'),c=new RegExp(\"^https?:$\",\"i\"),i=0;i<o.length;i++)o[i].style.display=\"none\";for(i=0;i<a.length;i++)s=a[i],e.source===s.contentWindow&&(s.removeAttribute(\"style\"),\"height\"===t.message?(1e3<(r=parseInt(t.value,10))?r=1e3:~~r<200&&(r=200),s.height=r):\"link\"===t.message&&(r=new URL(s.getAttribute(\"src\")),n=new URL(t.value),c.test(n.protocol))&&n.host===r.host&&l.activeElement===s&&(d.top.location.href=t.value))}},d.addEventListener(\"message\",d.wp.receiveEmbedMessage,!1),l.addEventListener(\"DOMContentLoaded\",function(){for(var e,t,s=l.querySelectorAll(\"iframe.wp-embedded-content\"),r=0;r<s.length;r++)(t=(e=s[r]).getAttribute(\"data-secret\"))||(t=Math.random().toString(36).substring(2,12),e.src+=\"#?secret=\"+t,e.setAttribute(\"data-secret\",t)),e.contentWindow.postMessage({message:\"ready\",secret:t},\"*\")},!1)))}(window,document);\n\/\/# sourceURL=https:\/\/www.emballagedigest.fr\/wp-includes\/js\/wp-embed.min.js\n\/* ]]> *\/\n<\/script>","thumbnail_url":"https:\/\/www.emballagedigest.fr\/wp-content\/uploads\/2025\/07\/Omron.jpg","thumbnail_width":800,"thumbnail_height":600,"description":"Omron annonce la nomination de St\u00e9phane Ch\u00f4mienne au poste de Directeur Commercial R\u00e9gional Europe Centrale, tout en maintenant son r\u00f4le de Directeur G\u00e9n\u00e9ral d\u2019Omron France, qu\u2019il occupe depuis 2015. Cette prise de poste s\u2019inscrit dans le cadre d\u2019un plan de succession manag\u00e9riale structur\u00e9, \u00e0 la suite du d\u00e9part \u00e0 la retraite pr\u00e9vu du Dr Klaus [&hellip;]"}