{"version":"1.0","provider_name":"Emballage Digest","provider_url":"https:\/\/www.emballagedigest.fr\/en","title":"Procos r\u00e9pond \u00e0 la politique anti-dumping am\u00e9ricaine - Emballage Digest","type":"rich","width":600,"height":338,"html":"<blockquote class=\"wp-embedded-content\" data-secret=\"xln9zPGJhp\"><a href=\"https:\/\/www.emballagedigest.fr\/en\/procos-repond-a-la-politique-anti-dumping-americaine\/\">Procos r\u00e9pond \u00e0 la politique anti-dumping am\u00e9ricaine<\/a><\/blockquote><iframe sandbox=\"allow-scripts\" security=\"restricted\" src=\"https:\/\/www.emballagedigest.fr\/en\/procos-repond-a-la-politique-anti-dumping-americaine\/embed\/#?secret=xln9zPGJhp\" width=\"600\" height=\"338\" title=\"&#8220;Procos r\u00e9pond \u00e0 la politique anti-dumping am\u00e9ricaine&#8221; &#8212; Emballage Digest\" data-secret=\"xln9zPGJhp\" frameborder=\"0\" marginwidth=\"0\" marginheight=\"0\" scrolling=\"no\" class=\"wp-embedded-content\"><\/iframe><script type=\"text\/javascript\">\n\/* <![CDATA[ *\/\n\/*! This file is auto-generated *\/\n!function(d,l){\"use strict\";l.querySelector&&d.addEventListener&&\"undefined\"!=typeof URL&&(d.wp=d.wp||{},d.wp.receiveEmbedMessage||(d.wp.receiveEmbedMessage=function(e){var t=e.data;if((t||t.secret||t.message||t.value)&&!\/[^a-zA-Z0-9]\/.test(t.secret)){for(var s,r,n,a=l.querySelectorAll('iframe[data-secret=\"'+t.secret+'\"]'),o=l.querySelectorAll('blockquote[data-secret=\"'+t.secret+'\"]'),c=new RegExp(\"^https?:$\",\"i\"),i=0;i<o.length;i++)o[i].style.display=\"none\";for(i=0;i<a.length;i++)s=a[i],e.source===s.contentWindow&&(s.removeAttribute(\"style\"),\"height\"===t.message?(1e3<(r=parseInt(t.value,10))?r=1e3:~~r<200&&(r=200),s.height=r):\"link\"===t.message&&(r=new URL(s.getAttribute(\"src\")),n=new URL(t.value),c.test(n.protocol))&&n.host===r.host&&l.activeElement===s&&(d.top.location.href=t.value))}},d.addEventListener(\"message\",d.wp.receiveEmbedMessage,!1),l.addEventListener(\"DOMContentLoaded\",function(){for(var e,t,s=l.querySelectorAll(\"iframe.wp-embedded-content\"),r=0;r<s.length;r++)(t=(e=s[r]).getAttribute(\"data-secret\"))||(t=Math.random().toString(36).substring(2,12),e.src+=\"#?secret=\"+t,e.setAttribute(\"data-secret\",t)),e.contentWindow.postMessage({message:\"ready\",secret:t},\"*\")},!1)))}(window,document);\n\/\/# sourceURL=https:\/\/www.emballagedigest.fr\/wp-includes\/js\/wp-embed.min.js\n\/* ]]> *\/\n<\/script>","thumbnail_url":"https:\/\/www.emballagedigest.fr\/wp-content\/uploads\/2024\/09\/procos.jpg","thumbnail_width":800,"thumbnail_height":557,"description":"Procos, expert en emballages de luxe, annonce des ajustements strat\u00e9giques suite \u00e0 l\u2019introduction de tarifs anti-dumping aux \u00c9tats-Unis visant les sacs simples en papier. Cette d\u00e9cision gouvernementale affecte indistinctement de nombreux produits de la m\u00eame famille. En effet, le libell\u00e9 des produits concern\u00e9s est si large que des sacs non cibl\u00e9s sont impact\u00e9s, mettant en [&hellip;]"}