{"version":"1.0","provider_name":"Emballage Digest","provider_url":"https:\/\/www.emballagedigest.fr\/en","title":"Vision industrielle : Baumer r\u00e9organise son activit\u00e9 commerciale - Emballage Digest","type":"rich","width":600,"height":338,"html":"<blockquote class=\"wp-embedded-content\" data-secret=\"yZWYbgrLbK\"><a href=\"https:\/\/www.emballagedigest.fr\/en\/vision-industrielle-baumer-reorganise-son-activite-commerciale\/\">Vision industrielle : Baumer r\u00e9organise son activit\u00e9 commerciale<\/a><\/blockquote><iframe sandbox=\"allow-scripts\" security=\"restricted\" src=\"https:\/\/www.emballagedigest.fr\/en\/vision-industrielle-baumer-reorganise-son-activite-commerciale\/embed\/#?secret=yZWYbgrLbK\" width=\"600\" height=\"338\" title=\"&#8220;Vision industrielle : Baumer r\u00e9organise son activit\u00e9 commerciale&#8221; &#8212; Emballage Digest\" data-secret=\"yZWYbgrLbK\" frameborder=\"0\" marginwidth=\"0\" marginheight=\"0\" scrolling=\"no\" class=\"wp-embedded-content\"><\/iframe><script type=\"text\/javascript\">\n\/* <![CDATA[ *\/\n\/*! This file is auto-generated *\/\n!function(d,l){\"use strict\";l.querySelector&&d.addEventListener&&\"undefined\"!=typeof URL&&(d.wp=d.wp||{},d.wp.receiveEmbedMessage||(d.wp.receiveEmbedMessage=function(e){var t=e.data;if((t||t.secret||t.message||t.value)&&!\/[^a-zA-Z0-9]\/.test(t.secret)){for(var s,r,n,a=l.querySelectorAll('iframe[data-secret=\"'+t.secret+'\"]'),o=l.querySelectorAll('blockquote[data-secret=\"'+t.secret+'\"]'),c=new RegExp(\"^https?:$\",\"i\"),i=0;i<o.length;i++)o[i].style.display=\"none\";for(i=0;i<a.length;i++)s=a[i],e.source===s.contentWindow&&(s.removeAttribute(\"style\"),\"height\"===t.message?(1e3<(r=parseInt(t.value,10))?r=1e3:~~r<200&&(r=200),s.height=r):\"link\"===t.message&&(r=new URL(s.getAttribute(\"src\")),n=new URL(t.value),c.test(n.protocol))&&n.host===r.host&&l.activeElement===s&&(d.top.location.href=t.value))}},d.addEventListener(\"message\",d.wp.receiveEmbedMessage,!1),l.addEventListener(\"DOMContentLoaded\",function(){for(var e,t,s=l.querySelectorAll(\"iframe.wp-embedded-content\"),r=0;r<s.length;r++)(t=(e=s[r]).getAttribute(\"data-secret\"))||(t=Math.random().toString(36).substring(2,12),e.src+=\"#?secret=\"+t,e.setAttribute(\"data-secret\",t)),e.contentWindow.postMessage({message:\"ready\",secret:t},\"*\")},!1)))}(window,document);\n\/\/# sourceURL=https:\/\/www.emballagedigest.fr\/wp-includes\/js\/wp-embed.min.js\n\/* ]]> *\/\n<\/script>","thumbnail_url":"https:\/\/www.emballagedigest.fr\/wp-content\/uploads\/dotclear\/images\/2021\/BONUS\/juill\/baumer_article.jpg","thumbnail_width":1,"thumbnail_height":1,"description":"Le Groupe Baumer r\u00e9organise ses activit\u00e9s commerciales en vision industrielle sur le march\u00e9 fran\u00e7ais. Confi\u00e9s auparavant \u00e0 un partenaire externe, la vente et le support des cam\u00e9ras industrielles Baumer sont d\u00e9sormais bas\u00e9s \u00e0 Fillinges, si\u00e8ge social de Baumer en France."}