{"id":11039,"date":"2022-10-31T12:04:22","date_gmt":"2022-10-31T11:04:22","guid":{"rendered":"https:\/\/www.emballagedigest.fr\/?page_id=11039"},"modified":"2025-12-03T16:41:19","modified_gmt":"2025-12-03T15:41:19","slug":"mentions-legales","status":"publish","type":"page","link":"https:\/\/www.emballagedigest.fr\/en\/mentions-legales\/","title":{"rendered":"Terms of use"},"content":{"rendered":"<h3 class=\"wp-block-heading has-vivid-red-color has-text-color\">Propri\u00e9taire<\/h3>\n\n\n\n<p class=\"has-small-font-size\">Ce site internet est la propri\u00e9t\u00e9 de :<br><strong>S.E.P.E.<\/strong><br>Soci\u00e9t\u00e9 Europ\u00e9enne de Presse et d\u2019Edition<br>Si\u00e8ge social<br>121 rue d&rsquo;Aguesseau- 92100 BOULOGNE<br>Site :\u00a0<a href=\"http:\/\/www.emballagedigest.fr\/en\/\">www.emballagedigest.fr<\/a><br>Tel : +33 (1) 55 20 30 30<br><br>Capital social : 52 800,00 \u20ac<br>RCS : Nanterre B 592 005 185<\/p>\n\n\n\n<h3 class=\"wp-block-heading has-vivid-red-color has-text-color\">\u00c9diteur<\/h3>\n\n\n\n<p class=\"has-small-font-size\">Ce site internet a \u00e9t\u00e9 r\u00e9alis\u00e9 par :<br><strong>DEV INFLUENCE<\/strong><br>D\u00e9veloppement informatique<br>12 Rue Pierre-Gilles de Gennes &#8211; 76130 MONT SAINT AIGNAN<br>Tel. : 02 35 36 06 80<br>Site :&nbsp;<a href=\"http:\/\/www.devinfluence.fr\">www.devinfluence.fr<\/a><\/p>\n\n\n\n<h3 class=\"wp-block-heading has-vivid-red-color has-text-color\">H\u00e9bergeur<\/h3>\n\n\n\n<p class=\"has-small-font-size\">Ce site internet est h\u00e9berg\u00e9 par :<br><strong>OVH<\/strong><br>2 rue Kellermann, 59100 ROUBAIX<br>Tel. : 0 820 698 765 (0,118\u20ac\/mn)<br>Site :&nbsp;<a href=\"http:\/\/www.ovh.com\/\">www.ovh.com<\/a><\/p>\n\n\n\n<h3 class=\"wp-block-heading has-vivid-red-color has-text-color\">Droits de propri\u00e9t\u00e9<\/h3>\n\n\n\n<p class=\"has-small-font-size\">Droits de propri\u00e9t\u00e9 intellectuelle attach\u00e9s au Site :<br>Le Site de EMBALLAGE DIGEST est une \u0153uvre de l&rsquo;esprit prot\u00e9g\u00e9e par le droit de la propri\u00e9t\u00e9 intellectuelle. Le Site et chacun des \u00e9l\u00e9ments qui le composent (tels que, notamment, marques, logos, photographies, images, illustrations, textes, vid\u00e9os&#8230;) sont la propri\u00e9t\u00e9 exclusive de EMBALLAGE DIGEST, seule habilit\u00e9e \u00e0 utiliser les droits de la propri\u00e9t\u00e9 intellectuelle et droits de la personnalit\u00e9 y aff\u00e9rent, celle-ci ne conc\u00e9dant aucune licence, ni aucun autre droit que celui de consulter le site.<br><br>La reproduction de tous documents publi\u00e9s sur le Site est seulement autoris\u00e9e aux fins exclusives d&rsquo;information pour un usage strictement personnel et priv\u00e9. Toute reproduction et\/ou repr\u00e9sentation, int\u00e9grale ou partielle, du Site, ou de l&rsquo;un quelconque des \u00e9l\u00e9ments qui le composent, sur quelque support que ce soit, \u00e0 d&rsquo;autres fins, et notamment commerciales, est express\u00e9ment interdite.<br><br>A l\u2019exception des circonstances ci-dessus vis\u00e9es, toute autre reproduction et\/ou repr\u00e9sentation du Site devra faire l\u2019objet d\u2019une autorisation expresse et pr\u00e9alable de EMBALLAGE DIGEST. De m\u00eame, la cr\u00e9ation de liens hypertextes vers le Site ne peut-\u00eatre faite qu&rsquo;avec l&rsquo;autorisation \u00e9crite et pr\u00e9alable de EMBALLAGE DIGEST. EMBALLAGE DIGEST d\u00e9cline toute responsabilit\u00e9 concernant le contenu, la publicit\u00e9, les produits ou les services disponibles sur ou \u00e0 partir des sites li\u00e9s au Site.<br><br>En outre, l&rsquo;ensemble des marques cit\u00e9es dans le Site sont des marques d\u00e9pos\u00e9es et donc prot\u00e9g\u00e9es. Toute utilisation de l&rsquo;une quelconque des dites marques ne peut \u00eatre faite sans le consentement pr\u00e9alable, expr\u00e8s et \u00e9crit de EMBALLAGE DIGEST, sous peine de contrefa\u00e7on.<br><br>Par ailleurs, sauf accord expr\u00e8s et \u00e9crit de EMBALLAGE DIGEST, l&rsquo;Utilisateur n&rsquo;est pas autoris\u00e9 \u00e0 placer sur son propre site Internet un lien hypertexte pointant vers le Site et\/ou vers les pages qu&rsquo;il contient.<br><br>Toute demande d&rsquo;autorisation doit \u00eatre adress\u00e9e \u00e0 l&rsquo;adresse e-mail suivante :&nbsp;<a href=\"mailto:contact@cominfluence.fr?subject=A%20propos%20de%20www.esteam-immo.fr\">contact@cominfluence.fr<\/a><br>Toute utilisation non autoris\u00e9e constitue une contrefa\u00e7on sanctionn\u00e9e p\u00e9nalement.<\/p>\n\n\n\n<h3 class=\"wp-block-heading has-vivid-red-color has-text-color\"><strong>Donn\u00e9es personnelles<\/strong><\/h3>\n\n\n\n<p class=\"has-small-font-size\">EMBALLAGE DIGEST pourra \u00eatre amen\u00e9e \u00e0 collecter des donn\u00e9es personnelles concernant l\u2019Utilisateur. Ces donn\u00e9es personnelles feront l\u2019objet d\u2019un traitement automatis\u00e9 et pourront \u00eatre destin\u00e9es \u00e0 vous contacter. Conform\u00e9ment aux dispositions de la loi n\u00b078-17 du 6 janvier 1978 modifi\u00e9e, relative \u00e0 l\u2019informatique, aux fichiers et aux libert\u00e9s, l\u2019Utilisateur est inform\u00e9 qu\u2019il dispose d\u2019un droit d\u2019acc\u00e8s, d\u2019opposition, de rectification et de radiation des donn\u00e9es le concernant. Pour exercer ces droits, il suffit \u00e0 l\u2019Utilisateur d\u2019en faire la demande \u00e0 l\u2019adresse \u00e9lectronique suivante :&nbsp;<a href=\"mailto:contact@devinfluence.fr?subject=A%20propos%20de%20www.esteam-immo.fr\">contact@devinfluence.fr<\/a><br><br>EMBALLAGE DIGEST s\u2019engage \u00e0 pr\u00e9server la confidentialit\u00e9 des donn\u00e9es personnelles transmises par l\u2019Utilisateur dans le cadre de l\u2019utilisation du Site. Par ailleurs, sous r\u00e9serve d&rsquo;avoir obtenu son consentement expr\u00e8s et pr\u00e9alable lors de la collecte des donn\u00e9es, EMBALLAGE DIGEST pourra adresser \u00e0 l&rsquo;Utilisateur des prospections directes par courrier \u00e9lectronique.<br><br>Enfin, sous r\u00e9serve d&rsquo;avoir obtenu son consentement expr\u00e8s et pr\u00e9alable lors de la collecte des donn\u00e9es, EMBALLAGE DIGEST pourra \u00eatre amen\u00e9e \u00e0 transf\u00e9rer les donn\u00e9es concernant l&rsquo;Utilisateur \u00e0 ses partenaires.<\/p>\n\n\n\n<h3 class=\"wp-block-heading has-vivid-red-color has-text-color\">Utilisation du site<\/h3>\n\n\n\n<p class=\"has-small-font-size\">a. Utilisation du contenu du Site :<br>EMBALLAGE DIGEST s\u2019efforce de mettre \u00e0 jour le contenu du Site et de d\u00e9livrer aux Utilisateurs des informations exactes. N\u00e9anmoins, l\u2019Utilisateur sait que les transmissions de donn\u00e9es et d&rsquo;informations sur Internet ne b\u00e9n\u00e9ficient que d&rsquo;une fiabilit\u00e9 technique relative, celles-ci circulant sur des r\u00e9seaux de nature tr\u00e8s h\u00e9t\u00e9rog\u00e8ne. D\u00e8s lors, EMBALLAGE DIGEST ne peut garantir l\u2019exactitude des donn\u00e9es figurant sur le Site.<br><br>Toute erreur ou omission devra \u00eatre notifi\u00e9e \u00e0 l&rsquo;adresse e-mail suivante :&nbsp;<a href=\"mailto:contact@devinfluence.fr?subject=A%20propos%20de%20www.emballagedigest.fr\">contact@devinfluence.fr<\/a><br><br>Toute utilisation du Site non conforme \u00e0 son esprit original et toute violation des pr\u00e9sentes stipulations pourront donner lieu \u00e0 l\u2019application des peines p\u00e9nales et civiles pr\u00e9vues par la loi.<br><br>b. Acc\u00e8s au Site :<br>EMBALLAGE DIGEST s&rsquo;efforce de maintenir accessible le Site, sans pour autant \u00eatre tenue \u00e0 aucune obligation d&rsquo;y parvenir. Il est pr\u00e9cis\u00e9 qu\u2019\u00e0 des fins de maintenance, de mise \u00e0 jour, et pour toute autre raison notamment d\u2019ordre technique, l&rsquo;acc\u00e8s au Site pourra \u00eatre interrompu. EMBALLAGE DIGEST n&rsquo;est en aucun cas responsable de ces interruptions et des cons\u00e9quences qui peuvent en d\u00e9couler pour l\u2019Utilisateur.<br><br>c. Liens hypertextes mis en place sur le Site<br>Les liens hypertextes mis en place sur le Site peuvent conduire l\u2019Utilisateur sur les sites Internet de diff\u00e9rents partenaires. Il est pr\u00e9cis\u00e9 que EMBALLAGE DIGEST n&rsquo;a pas v\u00e9rifi\u00e9 tous les sites \u00e9ventuellement reli\u00e9s au sien, leur contenu et les informations qui y sont pr\u00e9sentes, et d\u00e9cline par cons\u00e9quent toute responsabilit\u00e9 sur le contenu de ces sites et sur l&rsquo;utilisation qui en est faite par l\u2019Utilisateur. Le recours \u00e0 ces sites par l\u2019Utilisateur rel\u00e8ve de la seule responsabilit\u00e9 de ce dernier.<\/p>","protected":false},"excerpt":{"rendered":"<p>Propri\u00e9taire Ce site internet est la propri\u00e9t\u00e9 de :S.E.P.E.Soci\u00e9t\u00e9 Europ\u00e9enne de Presse et d\u2019EditionSi\u00e8ge social121 rue d&rsquo;Aguesseau- 92100 BOULOGNESite :\u00a0www.emballagedigest.frTel : +33 (1) 55 20 30 30 Capital social : 52 800,00 \u20acRCS : Nanterre B 592 005 185 \u00c9diteur Ce site internet a \u00e9t\u00e9 r\u00e9alis\u00e9 par :DEV INFLUENCED\u00e9veloppement informatique12 Rue Pierre-Gilles de Gennes &#8211; [&hellip;]<\/p>","protected":false},"author":1,"featured_media":0,"parent":0,"menu_order":0,"comment_status":"closed","ping_status":"closed","template":"","meta":{"_acf_changed":false,"inline_featured_image":false,"iawp_total_views":12,"footnotes":""},"class_list":["post-11039","page","type-page","status-publish","hentry"],"acf":[],"yoast_head":"<!-- This site is optimized with the Yoast SEO plugin v24.4 - https:\/\/yoast.com\/wordpress\/plugins\/seo\/ -->\n<title>Mentions l\u00e9gales - Emballage Digest<\/title>\n<meta name=\"robots\" content=\"index, follow, max-snippet:-1, max-image-preview:large, max-video-preview:-1\" \/>\n<link rel=\"canonical\" href=\"https:\/\/www.emballagedigest.fr\/en\/mentions-legales\/\" \/>\n<meta property=\"og:locale\" content=\"en_GB\" \/>\n<meta property=\"og:type\" content=\"article\" \/>\n<meta property=\"og:title\" content=\"Mentions l\u00e9gales - Emballage Digest\" \/>\n<meta property=\"og:description\" content=\"Propri\u00e9taire Ce site internet est la propri\u00e9t\u00e9 de :S.E.P.E.Soci\u00e9t\u00e9 Europ\u00e9enne de Presse et d\u2019EditionSi\u00e8ge social121 rue d&rsquo;Aguesseau- 92100 BOULOGNESite :\u00a0www.emballagedigest.frTel : +33 (1) 55 20 30 30 Capital social : 52 800,00 \u20acRCS : Nanterre B 592 005 185 \u00c9diteur Ce site internet a \u00e9t\u00e9 r\u00e9alis\u00e9 par :DEV INFLUENCED\u00e9veloppement informatique12 Rue Pierre-Gilles de Gennes &#8211; [&hellip;]\" \/>\n<meta property=\"og:url\" content=\"https:\/\/www.emballagedigest.fr\/en\/mentions-legales\/\" \/>\n<meta property=\"og:site_name\" content=\"Emballage Digest\" \/>\n<meta property=\"article:modified_time\" content=\"2025-12-03T15:41:19+00:00\" \/>\n<meta name=\"twitter:card\" content=\"summary_large_image\" \/>\n<meta name=\"twitter:label1\" content=\"Estimated reading time\" \/>\n\t<meta name=\"twitter:data1\" content=\"5 minutes\" \/>\n<script type=\"application\/ld+json\" class=\"yoast-schema-graph\">{\"@context\":\"https:\/\/schema.org\",\"@graph\":[{\"@type\":\"WebPage\",\"@id\":\"https:\/\/www.emballagedigest.fr\/mentions-legales\/\",\"url\":\"https:\/\/www.emballagedigest.fr\/mentions-legales\/\",\"name\":\"Mentions l\u00e9gales - Emballage Digest\",\"isPartOf\":{\"@id\":\"https:\/\/www.emballagedigest.fr\/#website\"},\"datePublished\":\"2022-10-31T11:04:22+00:00\",\"dateModified\":\"2025-12-03T15:41:19+00:00\",\"breadcrumb\":{\"@id\":\"https:\/\/www.emballagedigest.fr\/mentions-legales\/#breadcrumb\"},\"inLanguage\":\"en-GB\",\"potentialAction\":[{\"@type\":\"ReadAction\",\"target\":[\"https:\/\/www.emballagedigest.fr\/mentions-legales\/\"]}]},{\"@type\":\"BreadcrumbList\",\"@id\":\"https:\/\/www.emballagedigest.fr\/mentions-legales\/#breadcrumb\",\"itemListElement\":[{\"@type\":\"ListItem\",\"position\":1,\"name\":\"Accueil\",\"item\":\"https:\/\/www.emballagedigest.fr\/\"},{\"@type\":\"ListItem\",\"position\":2,\"name\":\"Mentions l\u00e9gales\"}]},{\"@type\":\"WebSite\",\"@id\":\"https:\/\/www.emballagedigest.fr\/#website\",\"url\":\"https:\/\/www.emballagedigest.fr\/\",\"name\":\"Emballage Digest\",\"description\":\"Revue professionnelle sur les emballages\",\"publisher\":{\"@id\":\"https:\/\/www.emballagedigest.fr\/#organization\"},\"potentialAction\":[{\"@type\":\"SearchAction\",\"target\":{\"@type\":\"EntryPoint\",\"urlTemplate\":\"https:\/\/www.emballagedigest.fr\/?s={search_term_string}\"},\"query-input\":{\"@type\":\"PropertyValueSpecification\",\"valueRequired\":true,\"valueName\":\"search_term_string\"}}],\"inLanguage\":\"en-GB\"},{\"@type\":\"Organization\",\"@id\":\"https:\/\/www.emballagedigest.fr\/#organization\",\"name\":\"Emballage Digest\",\"url\":\"https:\/\/www.emballagedigest.fr\/\",\"logo\":{\"@type\":\"ImageObject\",\"inLanguage\":\"en-GB\",\"@id\":\"https:\/\/www.emballagedigest.fr\/#\/schema\/logo\/image\/\",\"url\":\"https:\/\/www.emballagedigest.fr\/wp-content\/uploads\/2022\/07\/logo-ed.png\",\"contentUrl\":\"https:\/\/www.emballagedigest.fr\/wp-content\/uploads\/2022\/07\/logo-ed.png\",\"width\":379,\"height\":75,\"caption\":\"Emballage Digest\"},\"image\":{\"@id\":\"https:\/\/www.emballagedigest.fr\/#\/schema\/logo\/image\/\"}}]}<\/script>\n<!-- \/ Yoast SEO plugin. -->","yoast_head_json":{"title":"Mentions l\u00e9gales - Emballage Digest","robots":{"index":"index","follow":"follow","max-snippet":"max-snippet:-1","max-image-preview":"max-image-preview:large","max-video-preview":"max-video-preview:-1"},"canonical":"https:\/\/www.emballagedigest.fr\/en\/mentions-legales\/","og_locale":"en_GB","og_type":"article","og_title":"Mentions l\u00e9gales - Emballage Digest","og_description":"Propri\u00e9taire Ce site internet est la propri\u00e9t\u00e9 de :S.E.P.E.Soci\u00e9t\u00e9 Europ\u00e9enne de Presse et d\u2019EditionSi\u00e8ge social121 rue d&rsquo;Aguesseau- 92100 BOULOGNESite :\u00a0www.emballagedigest.frTel : +33 (1) 55 20 30 30 Capital social : 52 800,00 \u20acRCS : Nanterre B 592 005 185 \u00c9diteur Ce site internet a \u00e9t\u00e9 r\u00e9alis\u00e9 par :DEV INFLUENCED\u00e9veloppement informatique12 Rue Pierre-Gilles de Gennes &#8211; [&hellip;]","og_url":"https:\/\/www.emballagedigest.fr\/en\/mentions-legales\/","og_site_name":"Emballage Digest","article_modified_time":"2025-12-03T15:41:19+00:00","twitter_card":"summary_large_image","twitter_misc":{"Estimated reading time":"5 minutes"},"schema":{"@context":"https:\/\/schema.org","@graph":[{"@type":"WebPage","@id":"https:\/\/www.emballagedigest.fr\/mentions-legales\/","url":"https:\/\/www.emballagedigest.fr\/mentions-legales\/","name":"Mentions l\u00e9gales - Emballage Digest","isPartOf":{"@id":"https:\/\/www.emballagedigest.fr\/#website"},"datePublished":"2022-10-31T11:04:22+00:00","dateModified":"2025-12-03T15:41:19+00:00","breadcrumb":{"@id":"https:\/\/www.emballagedigest.fr\/mentions-legales\/#breadcrumb"},"inLanguage":"en-GB","potentialAction":[{"@type":"ReadAction","target":["https:\/\/www.emballagedigest.fr\/mentions-legales\/"]}]},{"@type":"BreadcrumbList","@id":"https:\/\/www.emballagedigest.fr\/mentions-legales\/#breadcrumb","itemListElement":[{"@type":"ListItem","position":1,"name":"Accueil","item":"https:\/\/www.emballagedigest.fr\/"},{"@type":"ListItem","position":2,"name":"Mentions l\u00e9gales"}]},{"@type":"WebSite","@id":"https:\/\/www.emballagedigest.fr\/#website","url":"https:\/\/www.emballagedigest.fr\/","name":"Emballage Digest","description":"Revue professionnelle sur les emballages","publisher":{"@id":"https:\/\/www.emballagedigest.fr\/#organization"},"potentialAction":[{"@type":"SearchAction","target":{"@type":"EntryPoint","urlTemplate":"https:\/\/www.emballagedigest.fr\/?s={search_term_string}"},"query-input":{"@type":"PropertyValueSpecification","valueRequired":true,"valueName":"search_term_string"}}],"inLanguage":"en-GB"},{"@type":"Organization","@id":"https:\/\/www.emballagedigest.fr\/#organization","name":"Emballage Digest","url":"https:\/\/www.emballagedigest.fr\/","logo":{"@type":"ImageObject","inLanguage":"en-GB","@id":"https:\/\/www.emballagedigest.fr\/#\/schema\/logo\/image\/","url":"https:\/\/www.emballagedigest.fr\/wp-content\/uploads\/2022\/07\/logo-ed.png","contentUrl":"https:\/\/www.emballagedigest.fr\/wp-content\/uploads\/2022\/07\/logo-ed.png","width":379,"height":75,"caption":"Emballage Digest"},"image":{"@id":"https:\/\/www.emballagedigest.fr\/#\/schema\/logo\/image\/"}}]}},"_links":{"self":[{"href":"https:\/\/www.emballagedigest.fr\/en\/wp-json\/wp\/v2\/pages\/11039","targetHints":{"allow":["GET"]}}],"collection":[{"href":"https:\/\/www.emballagedigest.fr\/en\/wp-json\/wp\/v2\/pages"}],"about":[{"href":"https:\/\/www.emballagedigest.fr\/en\/wp-json\/wp\/v2\/types\/page"}],"author":[{"embeddable":true,"href":"https:\/\/www.emballagedigest.fr\/en\/wp-json\/wp\/v2\/users\/1"}],"replies":[{"embeddable":true,"href":"https:\/\/www.emballagedigest.fr\/en\/wp-json\/wp\/v2\/comments?post=11039"}],"version-history":[{"count":2,"href":"https:\/\/www.emballagedigest.fr\/en\/wp-json\/wp\/v2\/pages\/11039\/revisions"}],"predecessor-version":[{"id":46317,"href":"https:\/\/www.emballagedigest.fr\/en\/wp-json\/wp\/v2\/pages\/11039\/revisions\/46317"}],"wp:attachment":[{"href":"https:\/\/www.emballagedigest.fr\/en\/wp-json\/wp\/v2\/media?parent=11039"}],"curies":[{"name":"wp","href":"https:\/\/api.w.org\/{rel}","templated":true}]}}